{"id":4704,"date":"2025-07-03T20:00:47","date_gmt":"2025-07-03T18:00:47","guid":{"rendered":"https:\/\/larose-beauty.at\/shop\/produkt\/menorose-anti-falten-creme-fuer-gesicht-dekollete-50-ml\/"},"modified":"2026-01-28T13:25:08","modified_gmt":"2026-01-28T12:25:08","slug":"menorose-anti-falten-creme-fuer-gesicht-dekollete-50-ml","status":"publish","type":"product","link":"https:\/\/larose-beauty.at\/shop\/produkt\/menorose-anti-falten-creme-fuer-gesicht-dekollete-50-ml\/","title":{"rendered":"ME[NO]ROSE \u2013 Anti-Falten-Creme f\u00fcr Gesicht &amp; Dekollet\u00e9 50 ml"},"content":{"rendered":"<p><audio class=\"audio-for-speech\"><\/audio><\/p>\n<div class=\"translate-tooltip-mtz translator-hidden\">\n<div class=\"header\">\n<div class=\"header-controls\">Translator<\/div>\n<div class=\"header-controls\"><\/div>\n<\/div>\n<div class=\"translated-text\">\n<div class=\"words\"><\/div>\n<div class=\"sentences\"><\/div>\n<\/div>\n<\/div>\n<p>&nbsp;<\/p>\n<h3 style=\"margin-top: 16px; margin-bottom: 16px;\"><strong><span style=\"font-size: large;\">ME[NO]ROSE \u2013 Anti-Falten-Creme f\u00fcr Gesicht &amp; Dekollet\u00e9<\/span><\/strong><\/h3>\n<p data-end=\"334\" data-start=\"249\"><strong data-end=\"334\" data-start=\"249\">Mit Rosenwasser, Kollagen &amp; Retinol \u2013 speziell f\u00fcr Frauen in der (Peri-)Menopause<\/strong><\/p>\n<p data-end=\"630\" data-start=\"336\">Diese hochwirksame Pflege wurde speziell f\u00fcr die Bed\u00fcrfnisse reifer Haut in der <strong data-end=\"447\" data-start=\"416\">Perimenopause und Menopause<\/strong> entwickelt. Die kraftvolle Formel mit <strong data-end=\"514\" data-start=\"486\">bulgarischem Rosenwasser<\/strong>, <strong data-end=\"527\" data-start=\"516\">Retinol<\/strong> und <strong data-end=\"544\" data-start=\"532\">Kollagen<\/strong> unterst\u00fctzt die Haut dabei, ihre Spannkraft, Frische und Festigkeit zur\u00fcckzugewinnen.<\/p>\n<p data-end=\"814\" data-start=\"632\">Sie wirkt gegen <strong data-end=\"658\" data-start=\"648\">Falten<\/strong>, <strong data-end=\"687\" data-start=\"660\">Verlust von Elastizit\u00e4t<\/strong>, einen <strong data-end=\"720\" data-start=\"695\">ungleichm\u00e4\u00dfigen Teint<\/strong> sowie das <strong data-end=\"767\" data-start=\"731\">Erschlaffen der Gesichtskonturen<\/strong> \u2013 h\u00e4ufige Erscheinungen in dieser Lebensphase.<\/p>\n<h4 style=\"margin-top: 21px; margin-bottom: 21px;\" data-end=\"845\" data-start=\"816\">\u2705 Vorteile im \u00dcberblick:<\/h4>\n<ul>\n<li><span style=\"font-size: 12pt;\"><span style=\"color: #000000;\"><span style=\"font-family: 'Times New Roman','serif';\"><span style=\"font-style: normal;\"><span style=\"font-weight: normal;\"><span style=\"tab-stops: list 36.0pt;\">Reduziert sichtbar <strong data-end=\"894\" data-start=\"867\">Falten und feine Linien<\/strong><\/span><\/span><\/span><\/span><\/span><\/span><\/li>\n<li><span style=\"font-size: 12pt;\"><span style=\"color: #000000;\"><span style=\"font-family: 'Times New Roman','serif';\"><span style=\"font-style: normal;\"><span style=\"font-weight: normal;\"><span style=\"tab-stops: list 36.0pt;\">Verbessert die <strong data-end=\"942\" data-start=\"912\">Hautelastizit\u00e4t und Dichte<\/strong><\/span><\/span><\/span><\/span><\/span><\/span><\/li>\n<li><span style=\"font-size: 12pt;\"><span style=\"color: #000000;\"><span style=\"font-family: 'Times New Roman','serif';\"><span style=\"font-style: normal;\"><span style=\"font-weight: normal;\"><span style=\"tab-stops: list 36.0pt;\"><strong data-end=\"956\" data-start=\"945\">Strafft<\/strong> Gesicht und Dekollet\u00e9<\/span><\/span><\/span><\/span><\/span><\/span><\/li>\n<li><span style=\"font-size: 12pt;\"><span style=\"color: #000000;\"><span style=\"font-family: 'Times New Roman','serif';\"><span style=\"font-style: normal;\"><span style=\"font-weight: normal;\"><span style=\"tab-stops: list 36.0pt;\"><strong data-end=\"990\" data-start=\"981\">Ebnet<\/strong> den Hautton<\/span><\/span><\/span><\/span><\/span><\/span><\/li>\n<li><span style=\"font-size: 12pt;\"><span style=\"color: #000000;\"><span style=\"font-family: 'Times New Roman','serif';\"><span style=\"font-style: normal;\"><span style=\"font-weight: normal;\"><span style=\"tab-stops: list 36.0pt;\">Spendet <strong data-end=\"1035\" data-start=\"1013\">tiefe Feuchtigkeit<\/strong> und n\u00e4hrt intensiv<\/span><\/span><\/span><\/span><\/span><\/span><\/li>\n<li><span style=\"font-size: 12pt;\"><span style=\"color: #000000;\"><span style=\"font-family: 'Times New Roman','serif';\"><span style=\"font-style: normal;\"><span style=\"font-weight: normal;\"><span style=\"tab-stops: list 36.0pt;\">F\u00fcr <strong data-end=\"1090\" data-start=\"1061\">trockene bis normale Haut<\/strong> geeignet<\/span><\/span><\/span><\/span><\/span><\/span><\/li>\n<li><span style=\"font-size: 12pt;\"><span style=\"color: #000000;\"><span style=\"font-family: 'Times New Roman','serif';\"><span style=\"font-style: normal;\"><span style=\"font-weight: normal;\"><span style=\"tab-stops: list 36.0pt;\">Perfekt f\u00fcr die <strong data-end=\"1140\" data-start=\"1118\">t\u00e4gliche Anwendung<\/strong><\/span><\/span><\/span><\/span><\/span><\/span><\/li>\n<\/ul>\n<p data-end=\"1268\" data-start=\"1142\">\ud83c\udf38 Der reichhaltige Komplex aus aktiven Inhaltsstoffen sorgt f\u00fcr ein rundum gepflegtes, komfortables Hautgef\u00fchl \u2013 Tag f\u00fcr Tag.<\/p>\n<h3 style=\"margin-top: 16px; margin-bottom: 16px;\"><strong><span style=\"font-size: large;\">Meereskollagen<\/span><\/strong><\/h3>\n<p data-end=\"182\" data-start=\"135\">Nat\u00fcrliche Straffung &amp; Elastizit\u00e4t aus dem Meer<\/p>\n<p data-end=\"298\" data-start=\"184\"><strong data-end=\"202\" data-start=\"184\">Meereskollagen<\/strong> wird aus Fisch und Muscheln gewonnen und \u00e4hnelt in seiner Struktur dem menschlichen Kollagen.<\/p>\n<p data-end=\"424\" data-start=\"300\">Mit zunehmendem Alter nimmt die k\u00f6rpereigene Kollagenproduktion ab, wodurch die Haut an Festigkeit und Elastizit\u00e4t verliert.<\/p>\n<p data-end=\"617\" data-start=\"426\"><strong data-end=\"471\" data-start=\"426\">Die zus\u00e4tzliche Zufuhr von Meereskollagen<\/strong> unterst\u00fctzt die Haut dabei, ihre Elastizit\u00e4t zu erhalten, beugt ersten F\u00e4ltchen vor und sorgt f\u00fcr ein sichtbar glatteres und strafferes Hautbild.<\/p>\n<p style=\"margin-bottom: 13px;\"><span style=\"line-height: normal;\"><b><span style=\"font-size: 13.5pt;\"><span style=\"font-family: 'Times New Roman','serif';\">Nat\u00fcrliches Rosenwasser<\/span><\/span><\/b><\/span><\/p>\n<p style=\"margin-bottom: 13px;\"><span style=\"line-height: normal;\"><span style=\"font-size: 12pt;\"><span style=\"font-family: 'Times New Roman','serif';\">Rein. Wirksam. Belebend.<\/span><\/span><\/span><\/p>\n<p style=\"margin-bottom: 13px;\"><span style=\"line-height: normal;\"><span style=\"font-size: 12pt;\"><span style=\"font-family: 'Times New Roman','serif';\">Gewonnen durch traditionelle <b>Wasserdampfdestillation<\/b> der bulgarischen Damaszener-Rose (<i>Rosa Damascena Mill.<\/i>), bewahrt dieses hochwertige Rosenwasser die reine Kraft der frischen Bl\u00fcten.<\/span><\/span><\/span><\/p>\n<p style=\"margin-bottom: 13px;\"><span style=\"line-height: normal;\"><span style=\"font-size: 12pt;\"><span style=\"font-family: 'Times New Roman','serif';\">Seine Wirkung ist einzigartig:<br \/>\n\ud83d\udca7 <b>Feuchtigkeitsspendend<\/b>,<br \/>\n\ud83c\udf3f <b>entz\u00fcndungshemmend<\/b>,<br \/>\n\ud83c\udf38 <b>hautberuhigend<\/b> und<br \/>\n\u2728 <b>revitalisierend<\/b>.<\/span><\/span><\/span><\/p>\n<p style=\"margin-bottom: 13px;\"><span style=\"line-height: normal;\"><span style=\"font-size: 12pt;\"><span style=\"font-family: 'Times New Roman','serif';\">Der <b>reiche, nat\u00fcrliche Duft<\/b> der Rose belebt die Sinne und wirkt harmonisierend auf K\u00f6rper und Geist \u2013 ein echter Sch\u00f6nheitsklassiker der Naturkosmetik.<\/span><\/span><\/span><\/p>\n<h3 style=\"margin-top: 16px; margin-bottom: 16px;\"><strong><span style=\"font-size: large;\">Vitamin A (Retinol)<\/span><\/strong><\/h3>\n<p data-end=\"209\" data-start=\"167\">Zellregeneration &amp; Schutz vor Hautalterung<\/p>\n<p data-end=\"460\" data-start=\"211\"><strong data-end=\"224\" data-start=\"211\">Vitamin A<\/strong> ist ein kraftvoller Anti-Aging-Wirkstoff, der die <strong data-end=\"306\" data-start=\"275\">Zellerneuerung beschleunigt<\/strong> und die <strong data-end=\"350\" data-start=\"315\">Jugendlichkeit der Haut bewahrt<\/strong>. Es sch\u00fctzt vor <strong data-end=\"383\" data-start=\"367\">Austrocknung<\/strong>, f\u00f6rdert die <strong data-end=\"412\" data-start=\"397\">Elastizit\u00e4t<\/strong> und beugt der <strong data-end=\"444\" data-start=\"427\">Faltenbildung<\/strong> effektiv vor.<\/p>\n<p data-end=\"582\" data-start=\"462\">Zudem unterst\u00fctzt Vitamin A den <strong data-end=\"528\" data-start=\"494\">Stoffwechsel in den Hautzellen<\/strong> \u2013 f\u00fcr ein frisches, glattes und strahlendes Hautbild.<\/p>\n<p><span style=\"line-height: normal;\">\u00a0<\/span><\/p>\n","protected":false},"excerpt":{"rendered":"<p><audio class=\"audio-for-speech\"><\/audio><\/p>\n<div class=\"translate-tooltip-mtz translator-hidden\">\n<div class=\"header\">\n<div class=\"header-controls\">Translator<\/div>\n<div class=\"header-controls\"><\/div>\n<\/div>\n<div class=\"translated-text\">\n<div class=\"words\"><\/div>\n<div class=\"sentences\"><\/div>\n<\/div>\n<\/div>\n<p>&nbsp;<\/p>\n<h4 style=\"margin: 1.33em 0cm;\">\u2705 Vorteile im \u00dcberblick:<\/h4>\n<ul style=\"list-style-type: disc; direction: ltr;\">\n<li style=\"font-size: 12pt; font-style: normal; font-weight: normal;\">\n<p style=\"font-size: 12pt; font-style: normal; font-weight: normal;\" data-end=\"894\" data-start=\"848\">Reduziert sichtbar <strong data-end=\"894\" data-start=\"867\">Falten und feine Linien<\/strong><\/p>\n<\/li>\n<li style=\"font-size: 12pt; font-style: normal; font-weight: normal;\">\n<p style=\"font-size: 12pt; font-style: normal; font-weight: normal;\" data-end=\"942\" data-start=\"897\">Verbessert die <strong data-end=\"942\" data-start=\"912\">Hautelastizit\u00e4t und Dichte<\/strong><\/p>\n<\/li>\n<li style=\"font-size: 12pt; font-style: normal; font-weight: normal;\">\n<p style=\"font-size: 12pt; font-style: normal; font-weight: normal;\" data-end=\"978\" data-start=\"945\"><strong data-end=\"956\" data-start=\"945\">Strafft<\/strong> Gesicht und Dekollet\u00e9<\/p>\n<\/li>\n<li style=\"font-size: 12pt; font-style: normal; font-weight: normal;\">\n<p style=\"font-size: 12pt; font-style: normal; font-weight: normal;\" data-end=\"1002\" data-start=\"981\"><strong data-end=\"990\" data-start=\"981\">Ebnet<\/strong> den Hautton<\/p>\n<\/li>\n<li style=\"font-size: 12pt; font-style: normal; font-weight: normal;\">\n<p style=\"font-size: 12pt; font-style: normal; font-weight: normal;\" data-end=\"1054\" data-start=\"1005\">Spendet <strong data-end=\"1035\" data-start=\"1013\">tiefe Feuchtigkeit<\/strong> und n\u00e4hrt intensiv<\/p>\n<\/li>\n<li style=\"font-size: 12pt; font-style: normal; font-weight: normal;\">\n<p style=\"font-size: 12pt; font-style: normal; font-weight: normal;\" data-end=\"1099\" data-start=\"1057\">F\u00fcr <strong data-end=\"1090\" data-start=\"1061\">trockene bis normale Haut<\/strong> geeignet<\/p>\n<\/li>\n<li style=\"font-size: 12pt; font-style: normal; font-weight: normal;\">\n<p style=\"font-size: 12pt; font-style: normal; font-weight: normal;\" data-end=\"1140\" data-start=\"1102\">Perfekt f\u00fcr die <strong data-end=\"1140\" data-start=\"1118\">t\u00e4gliche Anwendung<\/strong><\/p>\n<\/li>\n<\/ul>\n","protected":false},"featured_media":4711,"comment_status":"open","ping_status":"closed","template":"","meta":{"_monsterinsights_skip_tracking":false,"_monsterinsights_sitenote_active":false,"_monsterinsights_sitenote_note":"","_monsterinsights_sitenote_category":0,"_uf_show_specific_survey":0,"_uf_disable_surveys":false},"pwb-brand":[446],"product_brand":[],"product_cat":[225,224],"product_tag":[],"class_list":{"0":"post-4704","1":"product","2":"type-product","3":"status-publish","4":"has-post-thumbnail","6":"pwb-brand-nature-of-agiva","7":"product_cat-rosencremerosenkosmetikbio-rosenkosmetikrosenoel-kosmetiknaturkosmetiknachtcremeanti-age-creme","8":"product_cat-rosencremerosenkosmetikbio-rosenkosmetikrosenoel-kosmetiknaturkosmetiktagescremeanti-age-creme","9":"product_shipping_class-standard","11":"first","12":"instock","13":"taxable","14":"shipping-taxable","15":"purchasable","16":"product-type-simple"},"aioseo_notices":[],"jetpack_sharing_enabled":true,"brands":[{"id":446,"name":"NATURE of AGIVA","slug":"nature-of-agiva"}],"_links":{"self":[{"href":"https:\/\/larose-beauty.at\/shop\/wp-json\/wp\/v2\/product\/4704","targetHints":{"allow":["GET"]}}],"collection":[{"href":"https:\/\/larose-beauty.at\/shop\/wp-json\/wp\/v2\/product"}],"about":[{"href":"https:\/\/larose-beauty.at\/shop\/wp-json\/wp\/v2\/types\/product"}],"replies":[{"embeddable":true,"href":"https:\/\/larose-beauty.at\/shop\/wp-json\/wp\/v2\/comments?post=4704"}],"wp:featuredmedia":[{"embeddable":true,"href":"https:\/\/larose-beauty.at\/shop\/wp-json\/wp\/v2\/media\/4711"}],"wp:attachment":[{"href":"https:\/\/larose-beauty.at\/shop\/wp-json\/wp\/v2\/media?parent=4704"}],"wp:term":[{"taxonomy":"pwb-brand","embeddable":true,"href":"https:\/\/larose-beauty.at\/shop\/wp-json\/wp\/v2\/pwb-brand?post=4704"},{"taxonomy":"product_brand","embeddable":true,"href":"https:\/\/larose-beauty.at\/shop\/wp-json\/wp\/v2\/product_brand?post=4704"},{"taxonomy":"product_cat","embeddable":true,"href":"https:\/\/larose-beauty.at\/shop\/wp-json\/wp\/v2\/product_cat?post=4704"},{"taxonomy":"product_tag","embeddable":true,"href":"https:\/\/larose-beauty.at\/shop\/wp-json\/wp\/v2\/product_tag?post=4704"}],"curies":[{"name":"wp","href":"https:\/\/api.w.org\/{rel}","templated":true}]}}